{"id":8711,"date":"2022-09-14T15:28:27","date_gmt":"2022-09-14T15:28:27","guid":{"rendered":"https:\/\/gastroturismo.ch\/gastro-reves\/"},"modified":"2025-08-05T12:12:28","modified_gmt":"2025-08-05T12:12:28","slug":"gastro-reves","status":"publish","type":"page","link":"https:\/\/gastroturismo.ch\/fr\/gastro-reves\/","title":{"rendered":"Gastro R\u00eaves"},"content":{"rendered":"\t\t<div data-elementor-type=\"wp-page\" data-elementor-id=\"8711\" class=\"elementor elementor-8711 elementor-8600\" data-elementor-post-type=\"page\">\n\t\t\t\t\t\t<section class=\"elementor-section elementor-top-section elementor-element elementor-element-5179a64 elementor-section-boxed elementor-section-height-default elementor-section-height-default\" data-id=\"5179a64\" data-element_type=\"section\">\n\t\t\t\t\t\t<div class=\"elementor-container elementor-column-gap-default\">\n\t\t\t\t\t<div class=\"elementor-column elementor-col-100 elementor-top-column elementor-element elementor-element-985623b\" data-id=\"985623b\" data-element_type=\"column\">\n\t\t\t<div class=\"elementor-widget-wrap elementor-element-populated\">\n\t\t\t\t\t\t<div class=\"elementor-element elementor-element-e813d29 elementor-widget elementor-widget-heading\" data-id=\"e813d29\" data-element_type=\"widget\" data-widget_type=\"heading.default\">\n\t\t\t\t<div class=\"elementor-widget-container\">\n\t\t\t\t\t<h2 class=\"elementor-heading-title elementor-size-default\">R\u00e9alisez votre r\u00eave avec Gastro Dreams!<\/h2>\t\t\t\t<\/div>\n\t\t\t\t<\/div>\n\t\t\t\t\t<\/div>\n\t\t<\/div>\n\t\t\t\t\t<\/div>\n\t\t<\/section>\n\t\t\t\t<section class=\"elementor-section elementor-top-section elementor-element elementor-element-d06983c elementor-section-boxed elementor-section-height-default elementor-section-height-default\" data-id=\"d06983c\" data-element_type=\"section\">\n\t\t\t\t\t\t<div class=\"elementor-container elementor-column-gap-default\">\n\t\t\t\t\t<div class=\"elementor-column elementor-col-100 elementor-top-column elementor-element elementor-element-6c5c0be\" data-id=\"6c5c0be\" data-element_type=\"column\">\n\t\t\t<div class=\"elementor-widget-wrap elementor-element-populated\">\n\t\t\t\t\t\t<div class=\"elementor-element elementor-element-bbc2a00 elementor--h-position-center elementor--v-position-middle elementor-arrows-position-inside elementor-pagination-position-inside elementor-widget elementor-widget-slides\" data-id=\"bbc2a00\" data-element_type=\"widget\" data-settings=\"{&quot;navigation&quot;:&quot;both&quot;,&quot;autoplay&quot;:&quot;yes&quot;,&quot;pause_on_hover&quot;:&quot;yes&quot;,&quot;pause_on_interaction&quot;:&quot;yes&quot;,&quot;autoplay_speed&quot;:5000,&quot;infinite&quot;:&quot;yes&quot;,&quot;transition&quot;:&quot;slide&quot;,&quot;transition_speed&quot;:500}\" data-widget_type=\"slides.default\">\n\t\t\t\t<div class=\"elementor-widget-container\">\n\t\t\t\t\t\t\t\t\t<div class=\"elementor-swiper\">\n\t\t\t\t\t<div class=\"elementor-slides-wrapper elementor-main-swiper swiper\" role=\"region\" aria-roledescription=\"carousel\" aria-label=\"Slides\" dir=\"ltr\" data-animation=\"fadeInUp\">\n\t\t\t\t<div class=\"swiper-wrapper elementor-slides\">\n\t\t\t\t\t\t\t\t\t\t<div class=\"elementor-repeater-item-d8059e2 swiper-slide\" role=\"group\" aria-roledescription=\"slide\"><div class=\"swiper-slide-bg\" role=\"img\"><\/div><div class=\"elementor-background-overlay\"><\/div><a class=\"swiper-slide-inner\" href=\"tel:+41798563439\"><div class=\"swiper-slide-contents\"><div class=\"elementor-slide-heading\">Gastro R\u00eaves<\/div><div class=\"elementor-slide-description\"><p>Exp\u00e9riences gastronomiques de r\u00eave!<\/p>\n<\/div><div  class=\"elementor-button elementor-slide-button elementor-size-sm\">Appeler!<\/div><\/div><\/a><\/div>\t\t\t\t<\/div>\n\t\t\t\t\t\t\t<\/div>\n\t\t\t\t<\/div>\n\t\t\t\t\t\t\t\t<\/div>\n\t\t\t\t<\/div>\n\t\t\t\t\t<\/div>\n\t\t<\/div>\n\t\t\t\t\t<\/div>\n\t\t<\/section>\n\t\t\t\t<section class=\"elementor-section elementor-top-section elementor-element elementor-element-0147677 elementor-section-boxed elementor-section-height-default elementor-section-height-default\" data-id=\"0147677\" data-element_type=\"section\">\n\t\t\t\t\t\t<div class=\"elementor-container elementor-column-gap-default\">\n\t\t\t\t\t<div class=\"elementor-column elementor-col-16 elementor-top-column elementor-element elementor-element-06edfdc\" data-id=\"06edfdc\" data-element_type=\"column\">\n\t\t\t<div class=\"elementor-widget-wrap\">\n\t\t\t\t\t\t\t<\/div>\n\t\t<\/div>\n\t\t\t\t<div class=\"elementor-column elementor-col-66 elementor-top-column elementor-element elementor-element-c7e8198\" data-id=\"c7e8198\" data-element_type=\"column\">\n\t\t\t<div class=\"elementor-widget-wrap elementor-element-populated\">\n\t\t\t\t\t\t<div class=\"elementor-element elementor-element-95d3e71 elementor-widget elementor-widget-text-editor\" data-id=\"95d3e71\" data-element_type=\"widget\" data-widget_type=\"text-editor.default\">\n\t\t\t\t<div class=\"elementor-widget-container\">\n\t\t\t\t\t\t\t\t\t<h3 style=\"text-align: left;\"><span style=\"color: #ffffff;\">Exp\u00e9rience culinaire + une nuit \u00e0 l\u2019h\u00f4tel pour deux personnes<\/span><\/h3><p style=\"text-align: left;\">Pour r\u00e9server le forfait, appelez Gastroturismo au <span style=\"text-decoration: underline;\"><br \/><a href=\"tel:+41798563439\">079 856 34 39<\/a><\/span>.<\/p><p style=\"text-align: left;\">Les forfaits n\u2019ont pas de date fixe, le client peut proposer la date souhait\u00e9e et Gastroturismo organise la r\u00e9servation.<\/p><p style=\"text-align: left;\">Il est pri\u00e9 si possible, bon pr\u00e9avis compte tenu des nombreuses r\u00e9servations cette ann\u00e9e dans la succursale de l\u2019h\u00f4tel. Plus vous r\u00e9servez t\u00f4t, plus il sera facile de trouver des dates gratuites.<\/p><p style=\"text-align: left;\">Amusez-vous!<\/p>\t\t\t\t\t\t\t\t<\/div>\n\t\t\t\t<\/div>\n\t\t\t\t\t<\/div>\n\t\t<\/div>\n\t\t\t\t<div class=\"elementor-column elementor-col-16 elementor-top-column elementor-element elementor-element-10308ba\" data-id=\"10308ba\" data-element_type=\"column\">\n\t\t\t<div class=\"elementor-widget-wrap\">\n\t\t\t\t\t\t\t<\/div>\n\t\t<\/div>\n\t\t\t\t\t<\/div>\n\t\t<\/section>\n\t\t\t\t<section class=\"elementor-section elementor-top-section elementor-element elementor-element-2c8bf18 elementor-section-boxed elementor-section-height-default elementor-section-height-default\" data-id=\"2c8bf18\" data-element_type=\"section\">\n\t\t\t\t\t\t<div class=\"elementor-container elementor-column-gap-default\">\n\t\t\t\t\t<div class=\"elementor-column elementor-col-50 elementor-top-column elementor-element elementor-element-4690d77\" data-id=\"4690d77\" data-element_type=\"column\">\n\t\t\t<div class=\"elementor-widget-wrap elementor-element-populated\">\n\t\t\t\t\t\t<div class=\"elementor-element elementor-element-ec45d23 elementor-widget elementor-widget-image\" data-id=\"ec45d23\" data-element_type=\"widget\" data-widget_type=\"image.default\">\n\t\t\t\t<div class=\"elementor-widget-container\">\n\t\t\t\t\t\t\t\t\t\t\t\t\t\t\t<img fetchpriority=\"high\" decoding=\"async\" width=\"278\" height=\"300\" src=\"https:\/\/gastroturismo.ch\/wp-content\/uploads\/2022\/09\/Gastrodreams-Sopraceneri-278x300.png\" class=\"attachment-medium size-medium wp-image-8615\" alt=\"\" srcset=\"https:\/\/gastroturismo.ch\/wp-content\/uploads\/2022\/09\/Gastrodreams-Sopraceneri-278x300.png 278w, https:\/\/gastroturismo.ch\/wp-content\/uploads\/2022\/09\/Gastrodreams-Sopraceneri-546x590.png 546w, https:\/\/gastroturismo.ch\/wp-content\/uploads\/2022\/09\/Gastrodreams-Sopraceneri-577x624.png 577w, https:\/\/gastroturismo.ch\/wp-content\/uploads\/2022\/09\/Gastrodreams-Sopraceneri.png 593w\" sizes=\"(max-width: 278px) 100vw, 278px\" \/>\t\t\t\t\t\t\t\t\t\t\t\t\t\t\t<\/div>\n\t\t\t\t<\/div>\n\t\t\t\t\t<\/div>\n\t\t<\/div>\n\t\t\t\t<div class=\"elementor-column elementor-col-50 elementor-top-column elementor-element elementor-element-98d723e\" data-id=\"98d723e\" data-element_type=\"column\">\n\t\t\t<div class=\"elementor-widget-wrap elementor-element-populated\">\n\t\t\t\t\t\t<div class=\"elementor-element elementor-element-0c0046a elementor-widget elementor-widget-text-editor\" data-id=\"0c0046a\" data-element_type=\"widget\" data-widget_type=\"text-editor.default\">\n\t\t\t\t<div class=\"elementor-widget-container\">\n\t\t\t\t\t\t\t\t\t<h2>Sopraceneri<\/h2>\n<h3>Cantina il Cavaliere + H\u00f4tel Fior di Campo<\/h3>\n<p>Cantina il Cavaliere offre une exp\u00e9rience d\u00e9di\u00e9e au monde du vin gr\u00e2ce \u00e0 beaucoup d\u2019exp\u00e9rience, de passion et de professionnalisme dans le secteur. La cave est un endroit sp\u00e9cial et tr\u00e8s accueillant non seulement pour acheter des produits, mais aussi pour vous immerger dans des d\u00e9gustations pour d\u00e9couvrir les vins, les histoires et les ar\u00f4mes. La visite guid\u00e9e propose ensuite une visite pour en apprendre davantage sur les produits gr\u00e2ce \u00e0 une vue sur la terre, la cave et une d\u00e9gustation avec les producteurs avec des vins combin\u00e9s \u00e0 un riche ap\u00e9ritif compos\u00e9 de produits gastronomiques de la r\u00e9gion.<\/p>\t\t\t\t\t\t\t\t<\/div>\n\t\t\t\t<\/div>\n\t\t\t\t\t<\/div>\n\t\t<\/div>\n\t\t\t\t\t<\/div>\n\t\t<\/section>\n\t\t\t\t<section class=\"elementor-section elementor-top-section elementor-element elementor-element-53be1e5 elementor-section-boxed elementor-section-height-default elementor-section-height-default\" data-id=\"53be1e5\" data-element_type=\"section\">\n\t\t\t\t\t\t<div class=\"elementor-container elementor-column-gap-default\">\n\t\t\t\t\t<div class=\"elementor-column elementor-col-100 elementor-top-column elementor-element elementor-element-192d33d\" data-id=\"192d33d\" data-element_type=\"column\">\n\t\t\t<div class=\"elementor-widget-wrap elementor-element-populated\">\n\t\t\t\t\t\t<div class=\"elementor-element elementor-element-eac4f52 elementor-widget elementor-widget-text-editor\" data-id=\"eac4f52\" data-element_type=\"widget\" data-widget_type=\"text-editor.default\">\n\t\t\t\t<div class=\"elementor-widget-container\">\n\t\t\t\t\t\t\t\t\t<p>L\u2019h\u00f4tel Campo di Fiore est situ\u00e9 dans un endroit unique et vous permet de vous immerger dans une r\u00e9alit\u00e9 relaxante en dehors de la banlieue, du stress quotidien dans un cadre merveilleux \u00e0 Vallemaggia (Campo). Les chambres offrent tout ce dont vous avez besoin pour un s\u00e9jour agr\u00e9able et relaxant et des nuits r\u00e9g\u00e9n\u00e9rantes. Dans le choix des mat\u00e9riaux, la haute qualit\u00e9 et l\u2019origine locale sont privil\u00e9gi\u00e9es \u2013 le bois de m\u00e9l\u00e8ze, le granit de la vall\u00e9e de Maggia et le verre garantissent des heures agr\u00e9ables dans un environnement attrayant.<br \/>Les lits et le linge de lit garantissent une haute qualit\u00e9 de repos. Les chambres sont spacieuses, certaines avec terrasses ou balcons avec vue directe sur la vall\u00e9e.<br \/>Laissez-vous envelopper par l\u2019atmosph\u00e8re relaxante de ce Boutique-H\u00f4tel.<br \/>Dans la r\u00e9servation, le SPA r\u00e9serv\u00e9 \u00e0 titre priv\u00e9 est \u00e9galement inclus.<br \/>Dans l\u2019espace bien-\u00eatre, vous trouverez un sauna (avec solarium), 2 baignoires, une grande douche et un lit pendulaire. Petit d\u00e9jeuner inclus.<\/p>\n<p><span style=\"text-decoration: underline;\"><a href=\"https:\/\/www.fiordicampo.ch\/\" target=\"_blank\" rel=\"noopener\">www.fiordicampo.ch<\/a><\/span><\/p>\n\t\t\t\t\t\t\t\t<\/div>\n\t\t\t\t<\/div>\n\t\t\t\t\t<\/div>\n\t\t<\/div>\n\t\t\t\t\t<\/div>\n\t\t<\/section>\n\t\t\t\t<section class=\"elementor-section elementor-top-section elementor-element elementor-element-a1efa0e elementor-section-boxed elementor-section-height-default elementor-section-height-default\" data-id=\"a1efa0e\" data-element_type=\"section\">\n\t\t\t\t\t\t<div class=\"elementor-container elementor-column-gap-default\">\n\t\t\t\t\t<div class=\"elementor-column elementor-col-50 elementor-top-column elementor-element elementor-element-aa3e4c5\" data-id=\"aa3e4c5\" data-element_type=\"column\">\n\t\t\t<div class=\"elementor-widget-wrap elementor-element-populated\">\n\t\t\t\t\t\t<div class=\"elementor-element elementor-element-6e4f66c elementor-widget elementor-widget-image\" data-id=\"6e4f66c\" data-element_type=\"widget\" data-widget_type=\"image.default\">\n\t\t\t\t<div class=\"elementor-widget-container\">\n\t\t\t\t\t\t\t\t\t\t\t\t\t\t\t<img decoding=\"async\" width=\"300\" height=\"270\" src=\"https:\/\/gastroturismo.ch\/wp-content\/uploads\/2022\/09\/Gastrodreams-Luganese-300x270.png\" class=\"attachment-medium size-medium wp-image-8624\" alt=\"\" srcset=\"https:\/\/gastroturismo.ch\/wp-content\/uploads\/2022\/09\/Gastrodreams-Luganese-300x270.png 300w, https:\/\/gastroturismo.ch\/wp-content\/uploads\/2022\/09\/Gastrodreams-Luganese.png 558w\" sizes=\"(max-width: 300px) 100vw, 300px\" \/>\t\t\t\t\t\t\t\t\t\t\t\t\t\t\t<\/div>\n\t\t\t\t<\/div>\n\t\t\t\t\t<\/div>\n\t\t<\/div>\n\t\t\t\t<div class=\"elementor-column elementor-col-50 elementor-top-column elementor-element elementor-element-a2707b9\" data-id=\"a2707b9\" data-element_type=\"column\">\n\t\t\t<div class=\"elementor-widget-wrap elementor-element-populated\">\n\t\t\t\t\t\t<div class=\"elementor-element elementor-element-7e952bc elementor-widget elementor-widget-text-editor\" data-id=\"7e952bc\" data-element_type=\"widget\" data-widget_type=\"text-editor.default\">\n\t\t\t\t<div class=\"elementor-widget-container\">\n\t\t\t\t\t\t\t\t\t<h2>Luganese<\/h2><h3>Cave avec sommelier + H\u00f4tel Bigatt<\/h3><p>Cette exp\u00e9rience comprend une visite guid\u00e9e d\u2019une cave propos\u00e9e par la sommeli\u00e8re professionnelle Anna Valli avec un certificat f\u00e9d\u00e9ral. Dans cette visite d\u2019une cave \u00e0 vin sera offert une d\u00e9gustation du tonneau, une d\u00e9gustation compl\u00e8te des vins produits et une collation finale riche avec des plats locaux combin\u00e9s avec des vins. Le choix du menu peut \u00e9galement \u00eatre modifi\u00e9 en fonction des souhaits du client. Un cadre parfait enrichi d\u2019un bel emplacement, de produits de haute qualit\u00e9 et du partage des connaissances par le fabricant principal et le professionnel.<\/p>\t\t\t\t\t\t\t\t<\/div>\n\t\t\t\t<\/div>\n\t\t\t\t\t<\/div>\n\t\t<\/div>\n\t\t\t\t\t<\/div>\n\t\t<\/section>\n\t\t\t\t<section class=\"elementor-section elementor-top-section elementor-element elementor-element-908d540 elementor-section-boxed elementor-section-height-default elementor-section-height-default\" data-id=\"908d540\" data-element_type=\"section\">\n\t\t\t\t\t\t<div class=\"elementor-container elementor-column-gap-default\">\n\t\t\t\t\t<div class=\"elementor-column elementor-col-100 elementor-top-column elementor-element elementor-element-9b94539\" data-id=\"9b94539\" data-element_type=\"column\">\n\t\t\t<div class=\"elementor-widget-wrap elementor-element-populated\">\n\t\t\t\t\t\t<div class=\"elementor-element elementor-element-ee0ca5c elementor-widget elementor-widget-text-editor\" data-id=\"ee0ca5c\" data-element_type=\"widget\" data-widget_type=\"text-editor.default\">\n\t\t\t\t<div class=\"elementor-widget-container\">\n\t\t\t\t\t\t\t\t\t<p>L\u2019h\u00f4tel Bigatt est situ\u00e9 au milieu d\u2019un magnifique poumon vert au pied du Monte San Salvatore, d\u2019o\u00f9 vous pourrez profiter d\u2019une vue spectaculaire \u00e0 360 degr\u00e9s sur le lac Ceresio et tout le golfe de Lugano. 9000 m\u00b2 de prairies, bois et jardins pour se promener et se d\u00e9tendre dans la nature. Et o\u00f9 traverser 3000 m\u00e8tres carr\u00e9s de vergers et de jardins biologiques, cultiv\u00e9s selon les principes de l\u2019agriculture \u00e9l\u00e9mentaire, dont les produits (fruits, l\u00e9gumes, l\u00e9gumineuses, \u00e9pices, herbes et herbes) n\u00e9s du respect de la terre, sont \u00e0 la base de la cuisine de la Locanda del Bigatt. L\u2019h\u00f4tel est situ\u00e9 dans une villa d\u2019\u00e9poque enti\u00e8rement r\u00e9nov\u00e9e, au milieu d\u2019un magnifique parc dans le golfe de Lugano, le C\u00e1 dal Bigatt propose 23 chambres diff\u00e9rentes les unes des autres, adapt\u00e9es \u00e0 tous les besoins.<\/p>\n<p><span style=\"text-decoration: underline;\"><a href=\"https:\/\/hotelbigatt.com\/\" target=\"_blank\" rel=\"noopener\">www.hotelbigatt.com<\/a><\/span><\/p>\n\t\t\t\t\t\t\t\t<\/div>\n\t\t\t\t<\/div>\n\t\t\t\t\t<\/div>\n\t\t<\/div>\n\t\t\t\t\t<\/div>\n\t\t<\/section>\n\t\t\t\t<section class=\"elementor-section elementor-top-section elementor-element elementor-element-b779718 elementor-section-boxed elementor-section-height-default elementor-section-height-default\" data-id=\"b779718\" data-element_type=\"section\">\n\t\t\t\t\t\t<div class=\"elementor-container elementor-column-gap-default\">\n\t\t\t\t\t<div class=\"elementor-column elementor-col-50 elementor-top-column elementor-element elementor-element-cad2509\" data-id=\"cad2509\" data-element_type=\"column\">\n\t\t\t<div class=\"elementor-widget-wrap elementor-element-populated\">\n\t\t\t\t\t\t<div class=\"elementor-element elementor-element-8dd79be elementor-widget elementor-widget-image\" data-id=\"8dd79be\" data-element_type=\"widget\" data-widget_type=\"image.default\">\n\t\t\t\t<div class=\"elementor-widget-container\">\n\t\t\t\t\t\t\t\t\t\t\t\t\t\t\t<img decoding=\"async\" width=\"270\" height=\"300\" src=\"https:\/\/gastroturismo.ch\/wp-content\/uploads\/2022\/09\/Gastrodreams-Valle-di-Muggio-270x300.png\" class=\"attachment-medium size-medium wp-image-8628\" alt=\"\" srcset=\"https:\/\/gastroturismo.ch\/wp-content\/uploads\/2022\/09\/Gastrodreams-Valle-di-Muggio-270x300.png 270w, https:\/\/gastroturismo.ch\/wp-content\/uploads\/2022\/09\/Gastrodreams-Valle-di-Muggio-531x590.png 531w, https:\/\/gastroturismo.ch\/wp-content\/uploads\/2022\/09\/Gastrodreams-Valle-di-Muggio.png 573w\" sizes=\"(max-width: 270px) 100vw, 270px\" \/>\t\t\t\t\t\t\t\t\t\t\t\t\t\t\t<\/div>\n\t\t\t\t<\/div>\n\t\t\t\t\t<\/div>\n\t\t<\/div>\n\t\t\t\t<div class=\"elementor-column elementor-col-50 elementor-top-column elementor-element elementor-element-1d25f2b\" data-id=\"1d25f2b\" data-element_type=\"column\">\n\t\t\t<div class=\"elementor-widget-wrap elementor-element-populated\">\n\t\t\t\t\t\t<div class=\"elementor-element elementor-element-491f8bb elementor-widget elementor-widget-text-editor\" data-id=\"491f8bb\" data-element_type=\"widget\" data-widget_type=\"text-editor.default\">\n\t\t\t\t<div class=\"elementor-widget-container\">\n\t\t\t\t\t\t\t\t\t<h2>Vall\u00e9e de Muggio\/Mendrisiotto<\/h2>\n<h3>Cantine Cavallini + H\u00f4tel Serpiano<\/h3>\n<div class=\"page\" title=\"Page 4\">\n<div class=\"layoutArea\">\n<div class=\"column\">\n<p>\u00c0 Cabbio, dans la vall\u00e9e de Muggio, la cave Cavallini accueille ses clients pour une visite de la cave de vinification et pour une d\u00e9gustation guid\u00e9e de leurs vins. La cave Cavallini offrira un aper\u00e7u de ses vins, de sa grappa et du nocino qu\u2019elle produit. Grazia et Luciano sont vignerons depuis trente ans et inculquent le plaisir de la d\u00e9gustation, la gorg\u00e9e de vins authentiques, devant un panorama naturel tranquille. Vins: Merlot, Cabernet S., Nebbiolo, Arinarnoa, Chambourcin, Sauvignon blanc, Americana. La d\u00e9gustation et la visite se termineront par un ap\u00e9ritif riche avec des produits locaux de la vall\u00e9e de Muggio dans un lieu unique et exclusif.<\/p>\n<\/div>\n<\/div>\n<\/div>\n\t\t\t\t\t\t\t\t<\/div>\n\t\t\t\t<\/div>\n\t\t\t\t\t<\/div>\n\t\t<\/div>\n\t\t\t\t\t<\/div>\n\t\t<\/section>\n\t\t\t\t<section class=\"elementor-section elementor-top-section elementor-element elementor-element-809fad4 elementor-section-boxed elementor-section-height-default elementor-section-height-default\" data-id=\"809fad4\" data-element_type=\"section\">\n\t\t\t\t\t\t<div class=\"elementor-container elementor-column-gap-default\">\n\t\t\t\t\t<div class=\"elementor-column elementor-col-100 elementor-top-column elementor-element elementor-element-68fe2d8\" data-id=\"68fe2d8\" data-element_type=\"column\">\n\t\t\t<div class=\"elementor-widget-wrap elementor-element-populated\">\n\t\t\t\t\t\t<div class=\"elementor-element elementor-element-8b1272c elementor-widget elementor-widget-text-editor\" data-id=\"8b1272c\" data-element_type=\"widget\" data-widget_type=\"text-editor.default\">\n\t\t\t\t<div class=\"elementor-widget-container\">\n\t\t\t\t\t\t\t\t\t<div class=\"page\" title=\"Page 4\">\n<div class=\"layoutArea\">\n<div class=\"column\">\n<p>Entre le lac de Lugano et le Monte San Giorgio, l\u2019H\u00f4tel Serpiano est l\u2019endroit id\u00e9al pour une agr\u00e9able \u00e9vasion dans la nature. Vous pouvez profiter de la vue imprenable sur le lac et<br \/>dans les montagnes depuis le balcon de la chambre ou depuis le jardin ext\u00e9rieur. Dans cette offre sera incluse une suite romantique (chambre avec Fran\u00e7ais lit \u00e0 baldaquin) pour une nuit sp\u00e9ciale avec vue relaxante sur la nature. A l\u2019int\u00e9rieur de l\u2019H\u00f4tel Serpiano, il y a une petite OASIS DE BIEN-\u00caTRE incluse o\u00f9 vous pourrez vous r\u00e9g\u00e9n\u00e9rer en fin de journ\u00e9e: piscine int\u00e9rieure chauff\u00e9e \u00e0 30 \u00b0 (taille: 16 x 8 m; profondeur: de 90 \u00e0 140 cm), jacuzzi 34 \u00b0, salle de fitness, sauna, bain de vapeur, salle de relaxation et solarium ext\u00e9rieur avec chaises longues.<\/p>\n<p><span style=\"text-decoration: underline;\"><a href=\"https:\/\/www.serpiano.ch\/\" target=\"_blank\" rel=\"noopener\">www.serpiano.ch<\/a><\/span><\/p>\n<\/div>\n<\/div>\n<\/div>\n\t\t\t\t\t\t\t\t<\/div>\n\t\t\t\t<\/div>\n\t\t\t\t\t<\/div>\n\t\t<\/div>\n\t\t\t\t\t<\/div>\n\t\t<\/section>\n\t\t\t\t<section class=\"elementor-section elementor-top-section elementor-element elementor-element-ef57dff elementor-section-boxed elementor-section-height-default elementor-section-height-default\" data-id=\"ef57dff\" data-element_type=\"section\">\n\t\t\t\t\t\t<div class=\"elementor-container elementor-column-gap-default\">\n\t\t\t\t\t<div class=\"elementor-column elementor-col-100 elementor-top-column elementor-element elementor-element-9af91b5\" data-id=\"9af91b5\" data-element_type=\"column\">\n\t\t\t<div class=\"elementor-widget-wrap elementor-element-populated\">\n\t\t\t\t\t\t<div class=\"elementor-element elementor-element-666c4c8 elementor-widget elementor-widget-button\" data-id=\"666c4c8\" data-element_type=\"widget\" data-widget_type=\"button.default\">\n\t\t\t\t<div class=\"elementor-widget-container\">\n\t\t\t\t\t\t\t\t\t<div class=\"elementor-button-wrapper\">\n\t\t\t\t\t<a class=\"elementor-button elementor-button-link elementor-size-sm\" href=\"tel:+41798563439\">\n\t\t\t\t\t\t<span class=\"elementor-button-content-wrapper\">\n\t\t\t\t\t\t\t\t\t<span class=\"elementor-button-text\">R\u00e9servez votre r\u00eave!<\/span>\n\t\t\t\t\t<\/span>\n\t\t\t\t\t<\/a>\n\t\t\t\t<\/div>\n\t\t\t\t\t\t\t\t<\/div>\n\t\t\t\t<\/div>\n\t\t\t\t\t<\/div>\n\t\t<\/div>\n\t\t\t\t\t<\/div>\n\t\t<\/section>\n\t\t\t\t<\/div>\n\t\t","protected":false},"excerpt":{"rendered":"<p>R\u00e9alisez votre r\u00eave avec Gastro Dreams! Gastro R\u00eaves Exp\u00e9riences gastronomiques de r\u00eave! Appeler! Exp\u00e9rience culinaire + une nuit \u00e0 l\u2019h\u00f4tel pour deux personnes Pour r\u00e9server le forfait, appelez Gastroturismo au 079 856 34 39. Les forfaits n\u2019ont pas de date fixe, le client peut proposer la date souhait\u00e9e et Gastroturismo organise la r\u00e9servation. Il est [&hellip;]<\/p>\n","protected":false},"author":5,"featured_media":0,"parent":0,"menu_order":0,"comment_status":"closed","ping_status":"closed","template":"elementor_header_footer","meta":{"footnotes":""},"class_list":["post-8711","page","type-page","status-publish","hentry"],"_links":{"self":[{"href":"https:\/\/gastroturismo.ch\/fr\/wp-json\/wp\/v2\/pages\/8711","targetHints":{"allow":["GET"]}}],"collection":[{"href":"https:\/\/gastroturismo.ch\/fr\/wp-json\/wp\/v2\/pages"}],"about":[{"href":"https:\/\/gastroturismo.ch\/fr\/wp-json\/wp\/v2\/types\/page"}],"author":[{"embeddable":true,"href":"https:\/\/gastroturismo.ch\/fr\/wp-json\/wp\/v2\/users\/5"}],"replies":[{"embeddable":true,"href":"https:\/\/gastroturismo.ch\/fr\/wp-json\/wp\/v2\/comments?post=8711"}],"version-history":[{"count":3,"href":"https:\/\/gastroturismo.ch\/fr\/wp-json\/wp\/v2\/pages\/8711\/revisions"}],"predecessor-version":[{"id":12194,"href":"https:\/\/gastroturismo.ch\/fr\/wp-json\/wp\/v2\/pages\/8711\/revisions\/12194"}],"wp:attachment":[{"href":"https:\/\/gastroturismo.ch\/fr\/wp-json\/wp\/v2\/media?parent=8711"}],"curies":[{"name":"wp","href":"https:\/\/api.w.org\/{rel}","templated":true}]}}